{"id":86,"date":"2014-12-23T15:38:18","date_gmt":"2014-12-23T14:38:18","guid":{"rendered":"http:\/\/annasosnowska.eu\/?page_id=86"},"modified":"2020-05-25T17:23:01","modified_gmt":"2020-05-25T16:23:01","slug":"kontakt","status":"publish","type":"page","link":"http:\/\/annasosnowska.eu\/?page_id=86","title":{"rendered":"Kontakt"},"content":{"rendered":"<p>Anna Sosnowska<br \/>\nUl. Skarszewska 53<br \/>\n62-800 Kalisz<br \/>\n<b> Tel. (62) 501 61 11<br \/>\nRejestracja telefoniczna w godz. 13:00 &#8211; 15:00 <\/b><\/p>\n<h2>Jak dojecha\u0107?<\/h2>\n<p><center><br \/>\n<iframe loading=\"lazy\" src=\"http:\/\/maps.google.com\/maps?f=q&amp;source=s_q&amp;hl=pl&amp;geocode=&amp;q=Skarszewska+53&amp;sll=51.773072,18.104546&amp;sspn=0.014287,0.03592&amp;ie=UTF8&amp;hq=&amp;hnear=Skarszewska+53,+Kalisz,+Wielkopolskie,+Polska&amp;ll=51.77347,18.102551&amp;spn=0.02921,0.047121&amp;z=14&amp;iwloc=A&amp;output=embed\" width=\"550\" height=\"550\" frameborder=\"0\" marginwidth=\"0\" marginheight=\"0\" scrolling=\"no\"><\/iframe><br \/>\n<small><a style=\"color: #0000ff; text-align: left;\" href=\"http:\/\/maps.google.com\/maps?f=q&amp;source=embed&amp;hl=pl&amp;geocode=&amp;q=Skarszewska+53&amp;sll=51.773072,18.104546&amp;sspn=0.014287,0.03592&amp;ie=UTF8&amp;hq=&amp;hnear=Skarszewska+53,+Kalisz,+Wielkopolskie,+Polska&amp;ll=51.77347,18.102551&amp;spn=0.02921,0.047121&amp;z=14&amp;iwloc=A\">Wy\u015bwietl wi\u0119ksz\u0105 map\u0119<\/a><\/small><\/p>\n<p style=\"text-align: left;\"><a href=\"http:\/\/annasosnowska.eu\/wp-content\/uploads\/2020\/05\/Wywiad-epidemiologiczny.pdf\" target=\"_blank\" rel=\"noopener noreferrer\">Wywiad epidemiologiczny SARS-CoV-2<\/a><\/p>\n<p style=\"text-align: justify;\"><a href=\"http:\/\/annasosnowska.eu\/wp-content\/uploads\/2020\/05\/RODO.pdf\" target=\"_blank\" rel=\"noopener noreferrer\">Klauzula RODO<\/a><\/p>\n<p><\/center><\/p>\n","protected":false},"excerpt":{"rendered":"<p>Anna Sosnowska Ul. Skarszewska 53 62-800 Kalisz Tel. (62) 501 61 11 Rejestracja telefoniczna w godz. 13:00 &#8211; 15:00 Jak dojecha\u0107? Wy\u015bwietl wi\u0119ksz\u0105 map\u0119 Wywiad epidemiologiczny SARS-CoV-2 Klauzula RODO<\/p>\n","protected":false},"author":1,"featured_media":0,"parent":0,"menu_order":0,"comment_status":"closed","ping_status":"open","template":"","meta":[],"_links":{"self":[{"href":"http:\/\/annasosnowska.eu\/index.php?rest_route=\/wp\/v2\/pages\/86"}],"collection":[{"href":"http:\/\/annasosnowska.eu\/index.php?rest_route=\/wp\/v2\/pages"}],"about":[{"href":"http:\/\/annasosnowska.eu\/index.php?rest_route=\/wp\/v2\/types\/page"}],"author":[{"embeddable":true,"href":"http:\/\/annasosnowska.eu\/index.php?rest_route=\/wp\/v2\/users\/1"}],"replies":[{"embeddable":true,"href":"http:\/\/annasosnowska.eu\/index.php?rest_route=%2Fwp%2Fv2%2Fcomments&post=86"}],"version-history":[{"count":8,"href":"http:\/\/annasosnowska.eu\/index.php?rest_route=\/wp\/v2\/pages\/86\/revisions"}],"predecessor-version":[{"id":148,"href":"http:\/\/annasosnowska.eu\/index.php?rest_route=\/wp\/v2\/pages\/86\/revisions\/148"}],"wp:attachment":[{"href":"http:\/\/annasosnowska.eu\/index.php?rest_route=%2Fwp%2Fv2%2Fmedia&parent=86"}],"curies":[{"name":"wp","href":"https:\/\/api.w.org\/{rel}","templated":true}]}}